{"id":6077,"date":"2022-03-31T08:53:29","date_gmt":"2022-03-31T06:53:29","guid":{"rendered":"https:\/\/energiesharmony.com\/?page_id=6077"},"modified":"2022-03-31T12:36:41","modified_gmt":"2022-03-31T10:36:41","slug":"harmonisation-des-chakras","status":"publish","type":"page","link":"https:\/\/energiesharmony.com\/index.php\/harmonisation-des-chakras\/","title":{"rendered":"Harmonisation des chakras"},"content":{"rendered":"<div id=\"pl-6077\"  class=\"panel-layout\" ><div id=\"pg-6077-0\"  class=\"panel-grid panel-no-style\" ><div id=\"pgc-6077-0-0\"  class=\"panel-grid-cell\" ><div id=\"panel-6077-0-0-0\" class=\"so-panel widget widget_themegrill_flash_image tg-widget tg-image-widget panel-first-child panel-last-child\" data-index=\"0\" >\t<img src=\"https:\/\/energiesharmony.com\/wp-content\/uploads\/2022\/02\/picto_bien-etre_epanouissement_energies_harmony.jpg\" \/>\n<\/div><\/div><div id=\"pgc-6077-0-1\"  class=\"panel-grid-cell\" ><div id=\"panel-6077-0-1-0\" class=\"so-panel widget widget_themegrill_flash_heading tg-widget section-title-wrapper panel-first-child panel-last-child\" data-index=\"1\" >\t<h3 class=\"section-title\">Harmonisation des chakras<\/h3>\n\t<div class=\"section-description\">Ces s\u00e9ances visent \u00e0 harmoniser chaque chakra pour retrouver un \u00e9quilibre et un mieux-\u00eatre \u00e9motionnel, physique, relationnel...<\/div>\n<\/div><\/div><\/div><div id=\"pg-6077-1\"  class=\"panel-grid panel-no-style\" ><div id=\"pgc-6077-1-0\"  class=\"panel-grid-cell\" ><div id=\"panel-6077-1-0-0\" class=\"so-panel widget widget_themegrill_flash_service tg-widget tg-single-service panel-first-child panel-last-child\" data-index=\"2\" >\n<div class=\"tg-service-widget tg-service-layout-1\">\n\t<div class=\"service-wrapper\">\n\t\t<div class=\"service-icon-title-wrapper clearfix\">\n\t\t\t\t\t\t\t\t\t\t\t<\/div>\n\t\t\t\t<div class=\"service-content-wrap\">Le mot chakra signifie \u00ab roue d\u2019\u00e9nergie \u00bb. Ces \u00ab centres de lumi\u00e8re et d\u2019\u00e9nergie \u00bb et auraient une r\u00e9alit\u00e9 physique et physiologique au m\u00eame titre que d\u2019autres organes. \n<br>\n<br>Il existe 7  Chakras principaux :\n<br>&#160;&#160; <b>-Le chakra de la Base <\/b> se rapporte \u00e0 la naissance, \u00e0 la f\u00e9condit\u00e9, \u00e0 la procr\u00e9ation,...\n<br>&#160;&#160; <b>-Le chakra du Hara <\/b> se rapporte \u00e0 la force vitale, \u00e0 la joie de vivre et au d\u00e9sir d\u2019aller de l\u2019avant.\n<br>&#160;&#160; <b>-Le chakra du plexus solaire <\/b> est le si\u00e8ge des \u00e9motions, notamment de la peur et de la col\u00e8re. Il se rapporte \u00e0 l\u2019affirmation de soi, au pouvoir, \u00e0 l\u2019\u00e9go.\n<br>&#160;&#160; <b>-Le chakra du c\u0153ur <\/b> se rapporte \u00e0 l\u2019amour de soi et des autres, \u00e0 la paix, \u00e0 la sympathie, l\u2019indulgence et au pardon\n<br>&#160;&#160; <b>-Le chakra de la gorge <\/b> se rapporte \u00e0 la communication, la cr\u00e9ativit\u00e9, la capacit\u00e9 de guider les autres\n<br>&#160;&#160; <b>-Le chakra du 3eme \u0153il <\/b> se rapporte \u00e0 la connaissance de soi, l\u2019intuition, la clart\u00e9, l\u2019unit\u00e9, le discernement, l\u2019inspiration, l\u2019\u00e9veil et la m\u00e9ditation.\n<br>&#160;&#160; <b>-Le chakra coronal <\/b> se rapporte aux croyances, \u00e0 la spiritualit\u00e9, \u00e0 la sagesse, \u00e0 la connaissance de soi, \u00e0 la puret\u00e9, la conscience de l\u2019\u00e2me. <\/div>\n\t\t\t\t\t<\/div>\n<\/div>\n<\/div><\/div><div id=\"pgc-6077-1-1\"  class=\"panel-grid-cell\" ><div id=\"panel-6077-1-1-0\" class=\"so-panel widget widget_themegrill_flash_image tg-widget tg-image-widget panel-first-child panel-last-child\" data-index=\"3\" >\t<img src=\"https:\/\/energiesharmony.com\/wp-content\/uploads\/2022\/02\/harmonisation_des_chakras_vibrations_e\u0301nergies_e\u0301quilibre.jpg\" \/>\n<\/div><\/div><\/div><div id=\"pg-6077-2\"  class=\"panel-grid panel-no-style\" ><div id=\"pgc-6077-2-0\"  class=\"panel-grid-cell\" ><div id=\"panel-6077-2-0-0\" class=\"so-panel widget widget_themegrill_flash_image tg-widget tg-image-widget panel-first-child panel-last-child\" data-index=\"4\" >\t<img src=\"https:\/\/energiesharmony.com\/wp-content\/uploads\/2022\/02\/7_principaux_chakras.png\" \/>\n<\/div><\/div><\/div><div id=\"pg-6077-3\"  class=\"panel-grid panel-no-style\" ><div id=\"pgc-6077-3-0\"  class=\"panel-grid-cell\" ><div id=\"panel-6077-3-0-0\" class=\"so-panel widget widget_themegrill_flash_image tg-widget tg-image-widget panel-first-child panel-last-child\" data-index=\"5\" >\t<img src=\"https:\/\/energiesharmony.com\/wp-content\/uploads\/2022\/03\/picto_harmonisation_chakra.png\" \/>\n<\/div><\/div><div id=\"pgc-6077-3-1\"  class=\"panel-grid-cell\" ><div id=\"panel-6077-3-1-0\" class=\"so-panel widget widget_themegrill_flash_service tg-widget tg-single-service panel-first-child panel-last-child\" data-index=\"6\" >\n<div class=\"tg-service-widget tg-service-layout-1\">\n\t<div class=\"service-wrapper\">\n\t\t<div class=\"service-icon-title-wrapper clearfix\">\n\t\t\t\t\t\t\t\t\t\t\t<\/div>\n\t\t\t\t<div class=\"service-content-wrap\">Durant un atelier d'1h, nous travaillons  via des mouvements du corps, de la respiration, des vibrations et de la m\u00e9ditation guid\u00e9e  afin de le nettoyer et de l'harmoniser.\n<br>\n<\/div>\n\t\t\t\t\t<\/div>\n<\/div>\n<\/div><\/div><div id=\"pgc-6077-3-2\"  class=\"panel-grid-cell\" ><div id=\"panel-6077-3-2-0\" class=\"so-panel widget widget_themegrill_flash_image tg-widget tg-image-widget panel-first-child panel-last-child\" data-index=\"7\" >\t<img src=\"https:\/\/energiesharmony.com\/wp-content\/uploads\/2022\/03\/harmonisation-du-chakra-sacre\u0301-gaelle-Terrier-energies-harmony-1-scaled.jpg\" \/>\n<\/div><\/div><\/div><div id=\"pg-6077-4\"  class=\"panel-grid panel-no-style\" ><div id=\"pgc-6077-4-0\"  class=\"panel-grid-cell panel-grid-cell-empty\" ><\/div><div id=\"pgc-6077-4-1\"  class=\"panel-grid-cell\" ><div id=\"panel-6077-4-1-0\" class=\"so-panel widget widget_themegrill_flash_service tg-widget tg-single-service panel-first-child panel-last-child\" data-index=\"8\" ><div class=\"panel-widget-style panel-widget-style-for-6077-4-1-0\" >\n<div class=\"tg-service-widget tg-service-layout-1\">\n\t<div class=\"service-wrapper\">\n\t\t<div class=\"service-icon-title-wrapper clearfix\">\n\t\t\t\t\t\t\t\t\t\t\t<\/div>\n\t\t\t\t<div class=\"service-content-wrap\">&#160;&#160;&#160;    <font color=\"#ffffff\">  <u> Tarifs : <\/U><br>\n<font color=\"#ffffff\">&#160;&#160;&#160;&#160;&#160;&#160;&#160;&#160;1h - 60\u20ac pour un groupe de 6 personnes \n<br>&#160;&#160;&#160;&#160;&#160;&#160;&#160;&#160;2h - 100\u20ac pour un groupe de 6 personnes \n<br>&#160;&#160;&#160;&#160;&#160;&#160;&#160;&#160;<i>+frais de d\u00e9placement si l'intervention se fait \u00e0 domicile <\/i><\/div>\n\t\t\t\t\t<\/div>\n<\/div>\n<\/div><\/div><\/div><div id=\"pgc-6077-4-2\"  class=\"panel-grid-cell panel-grid-cell-empty\" ><\/div><div id=\"pgc-6077-4-3\"  class=\"panel-grid-cell panel-grid-cell-mobile-last\" ><div id=\"panel-6077-4-3-0\" class=\"so-panel widget widget_themegrill_flash_image tg-widget tg-image-widget panel-first-child panel-last-child\" data-index=\"9\" >\t<a href=\"https:\/\/energiesharmony.com\/index.php\/agenda-ateliers\/\"><img src=\"https:\/\/energiesharmony.com\/wp-content\/uploads\/2022\/03\/Les-prochains-ateliers.png\" \/><\/a>\n<\/div><\/div><div id=\"pgc-6077-4-4\"  class=\"panel-grid-cell panel-grid-cell-empty\" ><\/div><\/div><div id=\"pg-6077-5\"  class=\"panel-grid panel-no-style\" ><div id=\"pgc-6077-5-0\"  class=\"panel-grid-cell panel-grid-cell-empty\" ><\/div><div id=\"pgc-6077-5-1\"  class=\"panel-grid-cell panel-grid-cell-mobile-last\" ><div id=\"panel-6077-5-1-0\" class=\"so-panel widget widget_themegrill_flash_image tg-widget tg-image-widget panel-first-child panel-last-child\" data-index=\"10\" >\t<img src=\"https:\/\/energiesharmony.com\/wp-content\/uploads\/2019\/04\/1e-trait-8x005-cmrenforc\u00e9-couleur-Illustration-2.png\" \/>\n<\/div><\/div><div id=\"pgc-6077-5-2\"  class=\"panel-grid-cell panel-grid-cell-empty\" ><\/div><\/div><div id=\"pg-6077-6\"  class=\"panel-grid panel-no-style\" ><div id=\"pgc-6077-6-0\"  class=\"panel-grid-cell\" ><div id=\"panel-6077-6-0-0\" class=\"so-panel widget widget_themegrill_flash_image tg-widget tg-image-widget panel-first-child panel-last-child\" data-index=\"11\" >\t<img src=\"https:\/\/energiesharmony.com\/wp-content\/uploads\/2022\/03\/me\u0301ditation_harmonisation_se\u0301renite\u0301-scaled.jpg\" \/>\n<\/div><\/div><div id=\"pgc-6077-6-1\"  class=\"panel-grid-cell\" ><div id=\"panel-6077-6-1-0\" class=\"so-panel widget widget_themegrill_flash_service tg-widget tg-single-service panel-first-child panel-last-child\" data-index=\"12\" >\n<div class=\"tg-service-widget tg-service-layout-1\">\n\t<div class=\"service-wrapper\">\n\t\t<div class=\"service-icon-title-wrapper clearfix\">\n\t\t\t\t\t\t\t\t\t\t\t\t<h3 class=\"service-title-wrap\">\n\t\t\t\tHarmonisation des chakras, illustration\t\t\t\t\t\t\t<\/h3>\n\t\t\t\t\t<\/div>\n\t\t\t\t<div class=\"service-content-wrap\"><b>Le chakra du plexus solaire  <\/b>est le si\u00e8ge de notre identit\u00e9. Il est li\u00e9 aux notions de contr\u00f4le, de libert\u00e9 et d'estime de soi. Il r\u00e9gule nos \u00e9motions et notamment la digestion des \u00e9v\u00e8nements que l'on traverse. \n<br>\n<br>&#160;\u00c9quilibr\u00e9, ce chakra nous donne la volont\u00e9 et le courage de passer \u00e0 l'action et de mener \u00e0 bien nos projets.<br><br>\n<b>Un chakra Sacr\u00e9<\/b> \u00e9quilibr\u00e9 est essentiel car il assure  la distribution d'\u00e9nergie dans tous nos autres centres \u00e9nerg\u00e9tiques. Il r\u00e9gule aussi notre rapport \u00e0 la nourriture, \u00e0 la sexualit\u00e9,  \u00e0 la cr\u00e9ation : pro-cr\u00e9ation comme cr\u00e9ativit\u00e9. \n<\/div>\n\t\t\t\t\t<\/div>\n<\/div>\n<\/div><\/div><div id=\"pgc-6077-6-2\"  class=\"panel-grid-cell\" ><div id=\"panel-6077-6-2-0\" class=\"so-panel widget widget_themegrill_flash_image tg-widget tg-image-widget panel-first-child panel-last-child\" data-index=\"13\" >\t<img src=\"https:\/\/energiesharmony.com\/wp-content\/uploads\/2022\/02\/chakra-sacre\u0301.jpg\" \/>\n<\/div><\/div><\/div><div id=\"pg-6077-7\"  class=\"panel-grid panel-no-style\" ><div id=\"pgc-6077-7-0\"  class=\"panel-grid-cell panel-grid-cell-empty\" ><\/div><div id=\"pgc-6077-7-1\"  class=\"panel-grid-cell panel-grid-cell-mobile-last\" ><div id=\"panel-6077-7-1-0\" class=\"so-panel widget widget_themegrill_flash_image tg-widget tg-image-widget panel-first-child panel-last-child\" data-index=\"14\" >\t<img src=\"https:\/\/energiesharmony.com\/wp-content\/uploads\/2022\/02\/Home_page_de\u0301tente_se\u0301re\u0301nite\u0301.png\" \/>\n<\/div><\/div><div id=\"pgc-6077-7-2\"  class=\"panel-grid-cell panel-grid-cell-empty\" ><\/div><\/div><\/div>","protected":false},"excerpt":{"rendered":"<p>Harmonisation des chakras Ces s\u00e9ances visent \u00e0 harmoniser chaque chakra pour retrouver un \u00e9quilibre et un mieux-\u00eatre \u00e9motionnel, physique, relationnel&#8230; [&hellip;]<\/p>\n","protected":false},"author":1,"featured_media":0,"parent":0,"menu_order":0,"comment_status":"closed","ping_status":"closed","template":"page-templates\/pagebuilder.php","meta":{"_mi_skip_tracking":false},"yoast_head":"<!-- This site is optimized with the Yoast SEO plugin v19.11 - https:\/\/yoast.com\/wordpress\/plugins\/seo\/ -->\n<title>Harmonisation des chakras - Energies&#039;Harmony<\/title>\n<meta name=\"description\" content=\"Atelier harmonisation des chakras \u00e9quilibrage \u00e9nerg\u00e9tique Saint Jans Cappel Ga\u00eblle Terrier Estime de soi Ancrage Tonus Relations harmonieuses\" \/>\n<meta name=\"robots\" content=\"index, follow, max-snippet:-1, max-image-preview:large, max-video-preview:-1\" \/>\n<link rel=\"canonical\" href=\"https:\/\/energiesharmony.com\/index.php\/harmonisation-des-chakras\/\" \/>\n<meta property=\"og:locale\" content=\"fr_FR\" \/>\n<meta property=\"og:type\" content=\"article\" \/>\n<meta property=\"og:title\" content=\"Harmonisation des chakras - Energies&#039;Harmony\" \/>\n<meta property=\"og:description\" content=\"Atelier harmonisation des chakras \u00e9quilibrage \u00e9nerg\u00e9tique Saint Jans Cappel Ga\u00eblle Terrier Estime de soi Ancrage Tonus Relations harmonieuses\" \/>\n<meta property=\"og:url\" content=\"https:\/\/energiesharmony.com\/index.php\/harmonisation-des-chakras\/\" \/>\n<meta property=\"og:site_name\" content=\"Energies&#039;Harmony\" \/>\n<meta property=\"article:modified_time\" content=\"2022-03-31T10:36:41+00:00\" \/>\n<meta name=\"twitter:card\" content=\"summary_large_image\" \/>\n<meta name=\"twitter:label1\" content=\"Dur\u00e9e de lecture estim\u00e9e\" \/>\n\t<meta name=\"twitter:data1\" content=\"1 minute\" \/>\n<script type=\"application\/ld+json\" class=\"yoast-schema-graph\">{\"@context\":\"https:\/\/schema.org\",\"@graph\":[{\"@type\":\"WebPage\",\"@id\":\"https:\/\/energiesharmony.com\/index.php\/harmonisation-des-chakras\/\",\"url\":\"https:\/\/energiesharmony.com\/index.php\/harmonisation-des-chakras\/\",\"name\":\"Harmonisation des chakras - Energies&#039;Harmony\",\"isPartOf\":{\"@id\":\"https:\/\/energiesharmony.com\/#website\"},\"datePublished\":\"2022-03-31T06:53:29+00:00\",\"dateModified\":\"2022-03-31T10:36:41+00:00\",\"description\":\"Atelier harmonisation des chakras \u00e9quilibrage \u00e9nerg\u00e9tique Saint Jans Cappel Ga\u00eblle Terrier Estime de soi Ancrage Tonus Relations harmonieuses\",\"breadcrumb\":{\"@id\":\"https:\/\/energiesharmony.com\/index.php\/harmonisation-des-chakras\/#breadcrumb\"},\"inLanguage\":\"fr-FR\",\"potentialAction\":[{\"@type\":\"ReadAction\",\"target\":[\"https:\/\/energiesharmony.com\/index.php\/harmonisation-des-chakras\/\"]}]},{\"@type\":\"BreadcrumbList\",\"@id\":\"https:\/\/energiesharmony.com\/index.php\/harmonisation-des-chakras\/#breadcrumb\",\"itemListElement\":[{\"@type\":\"ListItem\",\"position\":1,\"name\":\"Accueil\",\"item\":\"https:\/\/energiesharmony.com\/\"},{\"@type\":\"ListItem\",\"position\":2,\"name\":\"Harmonisation des chakras\"}]},{\"@type\":\"WebSite\",\"@id\":\"https:\/\/energiesharmony.com\/#website\",\"url\":\"https:\/\/energiesharmony.com\/\",\"name\":\"Energies&#039;Harmony\",\"description\":\"Relaxation, \u00e9nergie et mieux-\u00eatre pour tous\",\"publisher\":{\"@id\":\"https:\/\/energiesharmony.com\/#organization\"},\"potentialAction\":[{\"@type\":\"SearchAction\",\"target\":{\"@type\":\"EntryPoint\",\"urlTemplate\":\"https:\/\/energiesharmony.com\/?s={search_term_string}\"},\"query-input\":\"required name=search_term_string\"}],\"inLanguage\":\"fr-FR\"},{\"@type\":\"Organization\",\"@id\":\"https:\/\/energiesharmony.com\/#organization\",\"name\":\"Energies&#039;Harmony\",\"url\":\"https:\/\/energiesharmony.com\/\",\"logo\":{\"@type\":\"ImageObject\",\"inLanguage\":\"fr-FR\",\"@id\":\"https:\/\/energiesharmony.com\/#\/schema\/logo\/image\/\",\"url\":\"https:\/\/energiesharmony.com\/wp-content\/uploads\/2019\/04\/cropped-cropped-RECTIFICATIF-centre-titre-orange-normal-Energies-harmonie-main-fleur-abaisses-trait-degrade-182-pixel-pouce-612x11-cm-ecriture-normal.png\",\"contentUrl\":\"https:\/\/energiesharmony.com\/wp-content\/uploads\/2019\/04\/cropped-cropped-RECTIFICATIF-centre-titre-orange-normal-Energies-harmonie-main-fleur-abaisses-trait-degrade-182-pixel-pouce-612x11-cm-ecriture-normal.png\",\"width\":518,\"height\":79,\"caption\":\"Energies&#039;Harmony\"},\"image\":{\"@id\":\"https:\/\/energiesharmony.com\/#\/schema\/logo\/image\/\"}}]}<\/script>\n<!-- \/ Yoast SEO plugin. -->","yoast_head_json":{"title":"Harmonisation des chakras - Energies&#039;Harmony","description":"Atelier harmonisation des chakras \u00e9quilibrage \u00e9nerg\u00e9tique Saint Jans Cappel Ga\u00eblle Terrier Estime de soi Ancrage Tonus Relations harmonieuses","robots":{"index":"index","follow":"follow","max-snippet":"max-snippet:-1","max-image-preview":"max-image-preview:large","max-video-preview":"max-video-preview:-1"},"canonical":"https:\/\/energiesharmony.com\/index.php\/harmonisation-des-chakras\/","og_locale":"fr_FR","og_type":"article","og_title":"Harmonisation des chakras - Energies&#039;Harmony","og_description":"Atelier harmonisation des chakras \u00e9quilibrage \u00e9nerg\u00e9tique Saint Jans Cappel Ga\u00eblle Terrier Estime de soi Ancrage Tonus Relations harmonieuses","og_url":"https:\/\/energiesharmony.com\/index.php\/harmonisation-des-chakras\/","og_site_name":"Energies&#039;Harmony","article_modified_time":"2022-03-31T10:36:41+00:00","twitter_card":"summary_large_image","twitter_misc":{"Dur\u00e9e de lecture estim\u00e9e":"1 minute"},"schema":{"@context":"https:\/\/schema.org","@graph":[{"@type":"WebPage","@id":"https:\/\/energiesharmony.com\/index.php\/harmonisation-des-chakras\/","url":"https:\/\/energiesharmony.com\/index.php\/harmonisation-des-chakras\/","name":"Harmonisation des chakras - Energies&#039;Harmony","isPartOf":{"@id":"https:\/\/energiesharmony.com\/#website"},"datePublished":"2022-03-31T06:53:29+00:00","dateModified":"2022-03-31T10:36:41+00:00","description":"Atelier harmonisation des chakras \u00e9quilibrage \u00e9nerg\u00e9tique Saint Jans Cappel Ga\u00eblle Terrier Estime de soi Ancrage Tonus Relations harmonieuses","breadcrumb":{"@id":"https:\/\/energiesharmony.com\/index.php\/harmonisation-des-chakras\/#breadcrumb"},"inLanguage":"fr-FR","potentialAction":[{"@type":"ReadAction","target":["https:\/\/energiesharmony.com\/index.php\/harmonisation-des-chakras\/"]}]},{"@type":"BreadcrumbList","@id":"https:\/\/energiesharmony.com\/index.php\/harmonisation-des-chakras\/#breadcrumb","itemListElement":[{"@type":"ListItem","position":1,"name":"Accueil","item":"https:\/\/energiesharmony.com\/"},{"@type":"ListItem","position":2,"name":"Harmonisation des chakras"}]},{"@type":"WebSite","@id":"https:\/\/energiesharmony.com\/#website","url":"https:\/\/energiesharmony.com\/","name":"Energies&#039;Harmony","description":"Relaxation, \u00e9nergie et mieux-\u00eatre pour tous","publisher":{"@id":"https:\/\/energiesharmony.com\/#organization"},"potentialAction":[{"@type":"SearchAction","target":{"@type":"EntryPoint","urlTemplate":"https:\/\/energiesharmony.com\/?s={search_term_string}"},"query-input":"required name=search_term_string"}],"inLanguage":"fr-FR"},{"@type":"Organization","@id":"https:\/\/energiesharmony.com\/#organization","name":"Energies&#039;Harmony","url":"https:\/\/energiesharmony.com\/","logo":{"@type":"ImageObject","inLanguage":"fr-FR","@id":"https:\/\/energiesharmony.com\/#\/schema\/logo\/image\/","url":"https:\/\/energiesharmony.com\/wp-content\/uploads\/2019\/04\/cropped-cropped-RECTIFICATIF-centre-titre-orange-normal-Energies-harmonie-main-fleur-abaisses-trait-degrade-182-pixel-pouce-612x11-cm-ecriture-normal.png","contentUrl":"https:\/\/energiesharmony.com\/wp-content\/uploads\/2019\/04\/cropped-cropped-RECTIFICATIF-centre-titre-orange-normal-Energies-harmonie-main-fleur-abaisses-trait-degrade-182-pixel-pouce-612x11-cm-ecriture-normal.png","width":518,"height":79,"caption":"Energies&#039;Harmony"},"image":{"@id":"https:\/\/energiesharmony.com\/#\/schema\/logo\/image\/"}}]}},"_links":{"self":[{"href":"https:\/\/energiesharmony.com\/index.php\/wp-json\/wp\/v2\/pages\/6077"}],"collection":[{"href":"https:\/\/energiesharmony.com\/index.php\/wp-json\/wp\/v2\/pages"}],"about":[{"href":"https:\/\/energiesharmony.com\/index.php\/wp-json\/wp\/v2\/types\/page"}],"author":[{"embeddable":true,"href":"https:\/\/energiesharmony.com\/index.php\/wp-json\/wp\/v2\/users\/1"}],"replies":[{"embeddable":true,"href":"https:\/\/energiesharmony.com\/index.php\/wp-json\/wp\/v2\/comments?post=6077"}],"version-history":[{"count":85,"href":"https:\/\/energiesharmony.com\/index.php\/wp-json\/wp\/v2\/pages\/6077\/revisions"}],"predecessor-version":[{"id":6352,"href":"https:\/\/energiesharmony.com\/index.php\/wp-json\/wp\/v2\/pages\/6077\/revisions\/6352"}],"wp:attachment":[{"href":"https:\/\/energiesharmony.com\/index.php\/wp-json\/wp\/v2\/media?parent=6077"}],"curies":[{"name":"wp","href":"https:\/\/api.w.org\/{rel}","templated":true}]}}